{"id":7,"date":"2024-02-27T12:34:19","date_gmt":"2024-02-27T12:34:19","guid":{"rendered":"https:\/\/arthursalle.b2design.pt\/?page_id=7"},"modified":"2024-03-19T13:17:00","modified_gmt":"2024-03-19T13:17:00","slug":"pedagogie","status":"publish","type":"page","link":"https:\/\/arthursalle.b2design.pt\/index.php\/pedagogie\/","title":{"rendered":"P\u00e9dagogie"},"content":{"rendered":"<p>[et_pb_section fb_built=&#8221;1&#8243; _builder_version=&#8221;4.24.2&#8243; _module_preset=&#8221;default&#8221; background_enable_color=&#8221;off&#8221; background_image=&#8221;https:\/\/arthursalle.b2design.pt\/wp-content\/uploads\/2024\/03\/pexels-anastasia-kolchina-5766750-scaled.jpg&#8221; custom_padding=&#8221;142px||136px|||&#8221; global_colors_info=&#8221;{}&#8221;][\/et_pb_section][et_pb_section fb_built=&#8221;1&#8243; _builder_version=&#8221;4.24.2&#8243; _module_preset=&#8221;default&#8221; global_colors_info=&#8221;{}&#8221;][et_pb_row _builder_version=&#8221;4.24.2&#8243; _module_preset=&#8221;default&#8221; locked=&#8221;off&#8221; global_colors_info=&#8221;{}&#8221;][et_pb_column type=&#8221;4_4&#8243; _builder_version=&#8221;4.24.2&#8243; _module_preset=&#8221;default&#8221; global_colors_info=&#8221;{}&#8221;][et_pb_text _builder_version=&#8221;4.24.2&#8243; _module_preset=&#8221;default&#8221; text_text_color=&#8221;#333234&#8243; text_font_size=&#8221;18px&#8221; header_6_font=&#8221;Prata||||||||&#8221; header_6_text_color=&#8221;#333234&#8243; header_6_font_size=&#8221;47px&#8221; header_6_line_height=&#8221;1.4em&#8221; text_orientation=&#8221;right&#8221; custom_margin=&#8221;||||false|false&#8221; custom_margin_tablet=&#8221;2%|30%|20%||false|false&#8221; custom_margin_phone=&#8221;2%|30%|20%||false|false&#8221; custom_margin_last_edited=&#8221;off|tablet&#8221; animation_style=&#8221;slide&#8221; animation_direction=&#8221;left&#8221; animation_duration=&#8221;2000ms&#8221; animation_delay=&#8221;1000ms&#8221; hover_enabled=&#8221;0&#8243; inline_fonts=&#8221;Prata&#8221; global_colors_info=&#8221;{}&#8221; custom_margin__hover_enabled=&#8221;off|desktop&#8221; sticky_enabled=&#8221;0&#8243;]<\/p>\n<h6>\u00ab Le piano <img loading=\"lazy\" decoding=\"async\" src=\"https:\/\/arthursalle.b2design.pt\/wp-content\/uploads\/2024\/03\/Nota_ArthurSalleChou.png\" width=\"43\" height=\"31\" alt=\"\" class=\"wp-image-111 alignnone size-full\" \/> est un passeur d\u2019\u00e9motions, traduisant les sentiments <img loading=\"lazy\" decoding=\"async\" src=\"https:\/\/arthursalle.b2design.pt\/wp-content\/uploads\/2024\/03\/Simbolo_ArthurSalleChou-300x114.png\" width=\"82\" height=\"31\" alt=\"\" class=\"wp-image-98 alignnone size-medium\" srcset=\"https:\/\/arthursalle.b2design.pt\/wp-content\/uploads\/2024\/03\/Simbolo_ArthurSalleChou-300x114.png 300w, https:\/\/arthursalle.b2design.pt\/wp-content\/uploads\/2024\/03\/Simbolo_ArthurSalleChou.png 431w\" sizes=\"auto, (max-width: 82px) 100vw, 82px\" \/> les plus complexes en m\u00e9lodies harmonieuses. \u00bb<\/h6>\n<p><span style=\"font-family: Prata; font-weight: normal;\">Fr\u00e9d\u00e9ric Chopin<\/span><\/p>\n<p>[\/et_pb_text][\/et_pb_column][\/et_pb_row][\/et_pb_section][et_pb_section fb_built=&#8221;1&#8243; _builder_version=&#8221;4.24.2&#8243; _module_preset=&#8221;default&#8221; background_color=&#8221;RGBA(255,255,255,0)&#8221; custom_margin=&#8221;||||false|false&#8221; custom_padding=&#8221;0px||100px||false|false&#8221; hover_enabled=&#8221;0&#8243; global_colors_info=&#8221;{}&#8221; sticky_enabled=&#8221;0&#8243;][et_pb_row _builder_version=&#8221;4.24.2&#8243; _module_preset=&#8221;default&#8221; custom_padding=&#8221;||||false|false&#8221; animation_style=&#8221;slide&#8221; animation_direction=&#8221;left&#8221; animation_duration=&#8221;2000ms&#8221; animation_delay=&#8221;1000ms&#8221; locked=&#8221;off&#8221; global_colors_info=&#8221;{}&#8221;][et_pb_column type=&#8221;4_4&#8243; _builder_version=&#8221;4.24.2&#8243; _module_preset=&#8221;default&#8221; global_colors_info=&#8221;{}&#8221;][et_pb_text _builder_version=&#8221;4.24.2&#8243; _module_preset=&#8221;default&#8221; text_font=&#8221;|600||on|||||&#8221; text_font_size=&#8221;22px&#8221; text_letter_spacing=&#8221;4px&#8221; text_line_height=&#8221;1.8em&#8221; locked=&#8221;off&#8221; global_colors_info=&#8221;{}&#8221;]<\/p>\n<p>Partitions piano<\/p>\n<p>[\/et_pb_text][\/et_pb_column][\/et_pb_row][et_pb_row column_structure=&#8221;1_4,3_4&#8243; custom_padding_last_edited=&#8221;on|phone&#8221; _builder_version=&#8221;4.24.2&#8243; _module_preset=&#8221;default&#8221; background_color=&#8221;#ffffff&#8221; custom_margin=&#8221;|auto|30px|auto|false|false&#8221; custom_padding=&#8221;1%|1%|1%|1%|true|true&#8221; custom_padding_tablet=&#8221;5%|5%|3%|5%|false|true&#8221; custom_padding_phone=&#8221;6%|6%|4%|6%|false|true&#8221; animation_style=&#8221;slide&#8221; animation_duration=&#8221;2000ms&#8221; animation_delay=&#8221;1000ms&#8221; hover_enabled=&#8221;0&#8243; box_shadow_style=&#8221;preset2&#8243; global_colors_info=&#8221;{}&#8221; locked=&#8221;off&#8221; sticky_enabled=&#8221;0&#8243;][et_pb_column type=&#8221;1_4&#8243; _builder_version=&#8221;4.24.2&#8243; _module_preset=&#8221;default&#8221; global_colors_info=&#8221;{}&#8221;][et_pb_image src=&#8221;https:\/\/arthursalle.b2design.pt\/wp-content\/uploads\/2024\/03\/Partitura_ArthurSalleChou.png&#8221; title_text=&#8221;Partitura_ArthurSalleChou&#8221; _builder_version=&#8221;4.24.2&#8243; _module_preset=&#8221;default&#8221; width=&#8221;85%&#8221; hover_enabled=&#8221;0&#8243; global_colors_info=&#8221;{}&#8221; sticky_enabled=&#8221;0&#8243;][\/et_pb_image][\/et_pb_column][et_pb_column type=&#8221;3_4&#8243; _builder_version=&#8221;4.24.2&#8243; _module_preset=&#8221;default&#8221; global_colors_info=&#8221;{}&#8221;][et_pb_text _builder_version=&#8221;4.24.2&#8243; _module_preset=&#8221;default&#8221; text_text_color=&#8221;#000000&#8243; text_font_size=&#8221;22px&#8221; text_line_height=&#8221;1.4em&#8221; header_6_font_size=&#8221;16px&#8221; header_6_line_height=&#8221;3.2em&#8221; position_origin_f=&#8221;bottom_right&#8221; vertical_offset=&#8221;19px&#8221; horizontal_offset=&#8221;0px&#8221; z_index=&#8221;0&#8243; vertical_offset_tablet=&#8221;8px&#8221; vertical_offset_phone=&#8221;0px&#8221; vertical_offset_last_edited=&#8221;on|phone&#8221; width=&#8221;100%&#8221; custom_margin=&#8221;40px||||false|false&#8221; custom_margin_tablet=&#8221;0px||||false|false&#8221; custom_margin_phone=&#8221;||||false|false&#8221; custom_margin_last_edited=&#8221;on|phone&#8221; custom_padding=&#8221;||||false|false&#8221; hover_enabled=&#8221;0&#8243; text_font_size_tablet=&#8221;22px&#8221; text_font_size_phone=&#8221;17px&#8221; text_font_size_last_edited=&#8221;on|phone&#8221; header_6_font_size_tablet=&#8221;16px&#8221; header_6_font_size_phone=&#8221;13px&#8221; header_6_font_size_last_edited=&#8221;on|phone&#8221; header_6_line_height_tablet=&#8221;3.2em&#8221; header_6_line_height_phone=&#8221;3.2em&#8221; header_6_line_height_last_edited=&#8221;on|desktop&#8221; global_colors_info=&#8221;{}&#8221; sticky_enabled=&#8221;0&#8243;]<\/p>\n<p>La vall\u00e9e d\u2019Obermann de Liszt tir\u00e9 du premier recueil des ann\u00e9es de p\u00e8lerinage<\/p>\n<h6>12 minutes et 14 secondes<\/h6>\n<p>[\/et_pb_text][\/et_pb_column][\/et_pb_row][et_pb_row column_structure=&#8221;3_4,1_4&#8243; _builder_version=&#8221;4.24.2&#8243; _module_preset=&#8221;default&#8221; custom_padding=&#8221;46px|||||&#8221; animation_style=&#8221;slide&#8221; animation_direction=&#8221;left&#8221; animation_duration=&#8221;2000ms&#8221; animation_delay=&#8221;1000ms&#8221; locked=&#8221;off&#8221; global_colors_info=&#8221;{}&#8221;][et_pb_column type=&#8221;3_4&#8243; _builder_version=&#8221;4.24.2&#8243; _module_preset=&#8221;default&#8221; global_colors_info=&#8221;{}&#8221;][et_pb_text _builder_version=&#8221;4.24.2&#8243; _module_preset=&#8221;default&#8221; text_font=&#8221;|600||on|||||&#8221; text_font_size=&#8221;22px&#8221; text_letter_spacing=&#8221;4px&#8221; text_line_height=&#8221;1.8em&#8221; hover_enabled=&#8221;0&#8243; locked=&#8221;off&#8221; global_colors_info=&#8221;{}&#8221; sticky_enabled=&#8221;0&#8243;]<\/p>\n<p>Cours de piano enfants<\/p>\n<p>[\/et_pb_text][et_pb_text _builder_version=&#8221;4.24.2&#8243; _module_preset=&#8221;default&#8221; text_font_size=&#8221;18px&#8221; text_line_height=&#8221;1.8em&#8221; hover_enabled=&#8221;0&#8243; global_colors_info=&#8221;{}&#8221; sticky_enabled=&#8221;0&#8243;]<\/p>\n<p>M\u00e9thode d\u2019Enseignement au Piano<\/p>\n<p>Passionn\u00e9 par l\u2019enseignement du piano et la musique, je suis anim\u00e9 par le d\u00e9sir de partager mon amour pour cet instrument. Guid\u00e9 par une approche personnalis\u00e9e, j\u2019aspire \u00e0 nourrir la cr\u00e9ativit\u00e9 musicale de mes \u00e9l\u00e8ves tout en leur transmettant les fondements techniques et th\u00e9oriques.<br \/>Chaque pianiste trouvera son rythme et une r\u00e9ponse \u00e0 ses difficult\u00e9s de mani\u00e8re adapt\u00e9.<\/p>\n<p>&nbsp;<\/p>\n<p>[\/et_pb_text][et_pb_text _builder_version=&#8221;4.24.2&#8243; _module_preset=&#8221;default&#8221; text_font=&#8221;|600||on|||||&#8221; text_font_size=&#8221;22px&#8221; text_letter_spacing=&#8221;4px&#8221; text_line_height=&#8221;1.8em&#8221; hover_enabled=&#8221;0&#8243; locked=&#8221;off&#8221; global_colors_info=&#8221;{}&#8221; sticky_enabled=&#8221;0&#8243;]<\/p>\n<p>Cours de piano adultes<\/p>\n<p>[\/et_pb_text][et_pb_text _builder_version=&#8221;4.24.2&#8243; _module_preset=&#8221;default&#8221; text_font_size=&#8221;18px&#8221; text_line_height=&#8221;1.8em&#8221; hover_enabled=&#8221;0&#8243; global_colors_info=&#8221;{}&#8221; sticky_enabled=&#8221;0&#8243;]<\/p>\n<p>Apprendre en toute passion<\/p>\n<p>Je crois que l\u2019apprentissage du piano doit \u00eatre une exp\u00e9rience passionnante et inspirante. C\u2019est pourquoi je m\u2019engage \u00e0 cr\u00e9er un environnement d\u2019apprentissage positif et encourageant dans la bonne humeur, o\u00f9 chaque \u00e9tudiant est soutenu dans son d\u00e9veloppement musical.<br \/>Mes ann\u00e9es d\u2019exp\u00e9rience m\u2019ont fa\u00e7onn\u00e9 \u00e0 cultiver et \u00e9veiller la passion chez mes \u00e9l\u00e8ves, leur permettant ainsi de s\u2019\u00e9panouir pleinement au piano.<\/p>\n<p>&nbsp;<\/p>\n<p>[\/et_pb_text][et_pb_text _builder_version=&#8221;4.24.2&#8243; _module_preset=&#8221;default&#8221; text_font=&#8221;|600||on|||||&#8221; text_font_size=&#8221;22px&#8221; text_letter_spacing=&#8221;4px&#8221; text_line_height=&#8221;1.8em&#8221; hover_enabled=&#8221;0&#8243; locked=&#8221;off&#8221; global_colors_info=&#8221;{}&#8221; sticky_enabled=&#8221;0&#8243;]<\/p>\n<p>Cours de piano d\u00e9butant<\/p>\n<p>[\/et_pb_text][et_pb_text _builder_version=&#8221;4.24.2&#8243; _module_preset=&#8221;default&#8221; text_font_size=&#8221;18px&#8221; text_line_height=&#8221;1.8em&#8221; hover_enabled=&#8221;0&#8243; global_colors_info=&#8221;{}&#8221; sticky_enabled=&#8221;0&#8243;]<\/p>\n<p>Une approche personnalis\u00e9e<\/p>\n<p>Chaque pianiste est unique, avec ses propres objectifs, sa personnalit\u00e9, son parcours, ses aspirations et styles musicaux pr\u00e9f\u00e9r\u00e9s.<br \/>C\u2019est pourquoi je ne crois pas en une m\u00e9thode unique d\u2019enseignement. Que vous soyez un d\u00e9butant absolu ou un pianiste avanc\u00e9 cherchant \u00e0 perfectionner votre technique et votre musicalit\u00e9, mes cours sont con\u00e7us pour vous offrir un apprentissage adapt\u00e9 \u00e0 votre niveau et \u00e0 votre rythme.<br \/>Nous d\u00e9finirons ensemble vos objectifs et \u00e9tablirons clairement la meilleure mani\u00e8re d\u2019y parvenir.<\/p>\n<p>&nbsp;<\/p>\n<p>[\/et_pb_text][et_pb_text _builder_version=&#8221;4.24.2&#8243; _module_preset=&#8221;default&#8221; text_font=&#8221;|600||on|||||&#8221; text_font_size=&#8221;22px&#8221; text_letter_spacing=&#8221;4px&#8221; text_line_height=&#8221;1.8em&#8221; hover_enabled=&#8221;0&#8243; locked=&#8221;off&#8221; global_colors_info=&#8221;{}&#8221; sticky_enabled=&#8221;0&#8243;]<\/p>\n<p>Solf\u00e8ge piano<\/p>\n<p>[\/et_pb_text][et_pb_text _builder_version=&#8221;4.24.2&#8243; _module_preset=&#8221;default&#8221; text_font_size=&#8221;18px&#8221; text_line_height=&#8221;1.8em&#8221; hover_enabled=&#8221;0&#8243; global_colors_info=&#8221;{}&#8221; sticky_enabled=&#8221;0&#8243;]<\/p>\n<p>Fondations solides et cr\u00e9ativit\u00e9 musicale<\/p>\n<p>Il est important d\u2019avoir des bases solides en technique, lecture de partitions, th\u00e9orie musicale et interpr\u00e9tation pour progresser durablement au piano. Ces fondations solides vous permettront de progresser et de vous exprimer avec confiance.<br \/>En parall\u00e8le, j\u2019encourage \u00e9galement l\u2019exploration de la cr\u00e9ativit\u00e9 musicale, l\u2019improvisation ou la composition. C\u2019est un moyen de d\u00e9velopper votre propre style et votre voix artistique.<\/p>\n<p>&nbsp;<\/p>\n<p>[\/et_pb_text][et_pb_text _builder_version=&#8221;4.24.2&#8243; _module_preset=&#8221;default&#8221; text_font=&#8221;|600||on|||||&#8221; text_font_size=&#8221;22px&#8221; text_letter_spacing=&#8221;4px&#8221; text_line_height=&#8221;1.8em&#8221; hover_enabled=&#8221;0&#8243; locked=&#8221;off&#8221; global_colors_info=&#8221;{}&#8221; sticky_enabled=&#8221;0&#8243;]<\/p>\n<p>Pr\u00e9paration concours et examens<\/p>\n<p>[\/et_pb_text][et_pb_text _builder_version=&#8221;4.24.2&#8243; _module_preset=&#8221;default&#8221; text_font_size=&#8221;18px&#8221; text_line_height=&#8221;1.8em&#8221; hover_enabled=&#8221;0&#8243; global_colors_info=&#8221;{}&#8221; sticky_enabled=&#8221;0&#8243;]<\/p>\n<p>Un r\u00e9pertoire vari\u00e9<\/p>\n<p>Le piano est l\u2019instrument par excellence pour jouer toutes les musiques du monde.<br \/>Le r\u00e9pertoire couvre une gamme illimit\u00e9 de styles musicaux, allant de la musique classique aux genres contemporains tels que le jazz, la pop et le rock.<br \/>Il est primordial de jouer des morceaux que vous aimez, cela rendra votre parcours musical bien plus enrichissant et captivant.<\/p>\n<p>R\u00e9pondre \u00e0 vos objectifs<\/p>\n<p>Que vous r\u00eaviez de jouer vos morceaux pr\u00e9f\u00e9r\u00e9s, de participer \u00e0 des concours, d\u2019approfondir votre compr\u00e9hension de la musique ou de simplement vous amuser en jouant du piano, ma passion pour la transmission musicale vous accompagnera dans la r\u00e9alisation de vos objectifs.<br \/>Mon exp\u00e9rience de concertiste m\u2019a aussi bien amen\u00e9 \u00e0 pr\u00e9parer des pianistes aux concours et aux examens des conservatoires qu\u2019\u00e0 accompagner des d\u00e9butants vers des les morceaux de leurs r\u00eaves.<\/p>\n<p><span><\/span><\/p>\n<p><span><\/span><\/p>\n<p>[\/et_pb_text][\/et_pb_column][et_pb_column type=&#8221;1_4&#8243; _builder_version=&#8221;4.24.2&#8243; _module_preset=&#8221;default&#8221; global_colors_info=&#8221;{}&#8221;][\/et_pb_column][\/et_pb_row][\/et_pb_section]<\/p>\n","protected":false},"excerpt":{"rendered":"<p>\u00ab Le piano est un passeur d\u2019\u00e9motions, traduisant les sentiments les plus complexes en m\u00e9lodies harmonieuses. \u00bb Fr\u00e9d\u00e9ric ChopinPartitions pianoLa vall\u00e9e d\u2019Obermann de Liszt tir\u00e9 du premier recueil des ann\u00e9es de p\u00e8lerinage 12 minutes et 14 secondesCours de piano enfantsM\u00e9thode d\u2019Enseignement au Piano Passionn\u00e9 par l\u2019enseignement du piano et la musique, je suis anim\u00e9 par [&hellip;]<\/p>\n","protected":false},"author":2,"featured_media":0,"parent":0,"menu_order":0,"comment_status":"closed","ping_status":"closed","template":"","meta":{"_et_pb_use_builder":"on","_et_pb_old_content":"","_et_gb_content_width":"","footnotes":""},"class_list":["post-7","page","type-page","status-publish","hentry"],"_links":{"self":[{"href":"https:\/\/arthursalle.b2design.pt\/index.php\/wp-json\/wp\/v2\/pages\/7","targetHints":{"allow":["GET"]}}],"collection":[{"href":"https:\/\/arthursalle.b2design.pt\/index.php\/wp-json\/wp\/v2\/pages"}],"about":[{"href":"https:\/\/arthursalle.b2design.pt\/index.php\/wp-json\/wp\/v2\/types\/page"}],"author":[{"embeddable":true,"href":"https:\/\/arthursalle.b2design.pt\/index.php\/wp-json\/wp\/v2\/users\/2"}],"replies":[{"embeddable":true,"href":"https:\/\/arthursalle.b2design.pt\/index.php\/wp-json\/wp\/v2\/comments?post=7"}],"version-history":[{"count":15,"href":"https:\/\/arthursalle.b2design.pt\/index.php\/wp-json\/wp\/v2\/pages\/7\/revisions"}],"predecessor-version":[{"id":313,"href":"https:\/\/arthursalle.b2design.pt\/index.php\/wp-json\/wp\/v2\/pages\/7\/revisions\/313"}],"wp:attachment":[{"href":"https:\/\/arthursalle.b2design.pt\/index.php\/wp-json\/wp\/v2\/media?parent=7"}],"curies":[{"name":"wp","href":"https:\/\/api.w.org\/{rel}","templated":true}]}}